{"id":324,"date":"2025-02-05T20:46:45","date_gmt":"2025-02-05T19:46:45","guid":{"rendered":"https:\/\/cus.bedzino.pl\/?page_id=324"},"modified":"2026-02-18T08:18:11","modified_gmt":"2026-02-18T07:18:11","slug":"klub-senior-w-mscicach","status":"publish","type":"page","link":"https:\/\/cus.bedzino.pl\/?page_id=324","title":{"rendered":"Klub Senior+ w M\u015bcicach"},"content":{"rendered":"<div class=\"wp-block-image\">\n<figure class=\"aligncenter size-medium\"><img loading=\"lazy\" decoding=\"async\" width=\"300\" height=\"100\" src=\"https:\/\/cus.bedzino.pl\/wp-content\/uploads\/2025\/02\/znaki_strona_www-300x100.png\" alt=\"\" class=\"wp-image-321\" srcset=\"https:\/\/cus.bedzino.pl\/wp-content\/uploads\/2025\/02\/znaki_strona_www-300x100.png 300w, https:\/\/cus.bedzino.pl\/wp-content\/uploads\/2025\/02\/znaki_strona_www-1024x341.png 1024w, https:\/\/cus.bedzino.pl\/wp-content\/uploads\/2025\/02\/znaki_strona_www-768x256.png 768w, https:\/\/cus.bedzino.pl\/wp-content\/uploads\/2025\/02\/znaki_strona_www-1536x511.png 1536w, https:\/\/cus.bedzino.pl\/wp-content\/uploads\/2025\/02\/znaki_strona_www.png 1751w\" sizes=\"auto, (max-width: 300px) 100vw, 300px\" \/><\/figure>\n<\/div>\n\n\n<div class=\"wp-block-group alignfull has-accent-2-background-color has-background\" style=\"margin-top:0;margin-bottom:0;padding-top:var(--wp--preset--spacing--50);padding-right:var(--wp--preset--spacing--50);padding-bottom:var(--wp--preset--spacing--50);padding-left:var(--wp--preset--spacing--50)\"><div class=\"wp-block-group__inner-container is-layout-constrained wp-container-core-group-is-layout-2bafd31c wp-block-group-is-layout-constrained\">\n<p class=\"has-text-align-center has-heading-font-family has-large-font-size\" style=\"line-height:1.2\"><strong>Klub Senior + w M\u015bcicach <\/strong><\/p>\n\n\n\n<p class=\"has-text-align-center\">ul. Po\u0142udniowa 11 (Dom Ludowy)<\/p>\n\n\n\n<p class=\"has-text-align-center\">76-037 M\u015bcice<\/p>\n<\/div><\/div>\n\n\n\n<div class=\"wp-block-group alignfull has-accent-2-background-color has-background\" style=\"margin-top:0;margin-bottom:0;padding-top:var(--wp--preset--spacing--50);padding-right:var(--wp--preset--spacing--50);padding-bottom:var(--wp--preset--spacing--50);padding-left:var(--wp--preset--spacing--50)\"><div class=\"wp-block-group__inner-container is-layout-constrained wp-container-core-group-is-layout-2bafd31c wp-block-group-is-layout-constrained\"><div class=\"wp-block-image\">\n<figure class=\"aligncenter size-medium\"><img loading=\"lazy\" decoding=\"async\" width=\"300\" height=\"105\" src=\"https:\/\/cus.bedzino.pl\/wp-content\/uploads\/2025\/01\/senior-plus-logo-300x105.jpg\" alt=\"\" class=\"wp-image-281\" srcset=\"https:\/\/cus.bedzino.pl\/wp-content\/uploads\/2025\/01\/senior-plus-logo-300x105.jpg 300w, https:\/\/cus.bedzino.pl\/wp-content\/uploads\/2025\/01\/senior-plus-logo-1024x359.jpg 1024w, https:\/\/cus.bedzino.pl\/wp-content\/uploads\/2025\/01\/senior-plus-logo-768x269.jpg 768w, https:\/\/cus.bedzino.pl\/wp-content\/uploads\/2025\/01\/senior-plus-logo-1536x538.jpg 1536w, https:\/\/cus.bedzino.pl\/wp-content\/uploads\/2025\/01\/senior-plus-logo-2048x717.jpg 2048w\" sizes=\"auto, (max-width: 300px) 100vw, 300px\" \/><\/figure>\n<\/div>\n\n\n<p class=\"has-heading-font-family has-medium-font-size\" style=\"line-height:1.2\">Klub powsta\u0142 w ramach rz\u0105dowego Programu \u201eSenior+\u201d&nbsp; na lata 2021 \u2013 2025.<\/p>\n\n\n\n<p>Uczestnictwo w zaj\u0119ciach Klubu jest nieodp\u0142atne.<\/p>\n\n\n\n<p>Deklaracj\u0119 nale\u017cy sk\u0142ada\u0107 w Centrum Us\u0142ug Spo\u0142ecznych w B\u0119dzinie, B\u0119dzino 56, 76-037 B\u0119dzino osobi\u015bcie lub za po\u015brednictwem Kierownika Klubu Senior+.<\/p>\n\n\n\n<p>Klub jest czynny od poniedzia\u0142ku do czwartku, w godzinach od 14:30 do 19:30.<\/p>\n\n\n\n<h2 class=\"wp-block-heading\">Adresaci oferty:<\/h2>\n\n\n\n<ul class=\"wp-block-list\">\n<li>osoby od 60 roku \u017cycia,<\/li>\n\n\n\n<li>b\u0119d\u0105ce mieszka\u0144cami gminy B\u0119dzino,<\/li>\n\n\n\n<li>osoby samodzielne w zakresie samoobs\u0142ugi,<\/li>\n\n\n\n<li>pragn\u0105ce w ciekawy i po\u017cyteczny spos\u00f3b zagospodarowa\u0107 wolny czas.<\/li>\n<\/ul>\n<\/div><\/div>\n\n\n\n<div class=\"wp-block-group alignfull has-base-background-color has-background\" style=\"margin-top:0;margin-bottom:0;padding-top:var(--wp--preset--spacing--50);padding-right:var(--wp--preset--spacing--50);padding-bottom:var(--wp--preset--spacing--50);padding-left:var(--wp--preset--spacing--50)\"><div class=\"wp-block-group__inner-container is-layout-constrained wp-container-core-group-is-layout-9cf8f26d wp-block-group-is-layout-constrained\">\n<h2 class=\"wp-block-heading\">W ramach prowadzonej dzia\u0142alno\u015bci oferujemy:<\/h2>\n\n\n\n<ul class=\"wp-block-list\">\n<li>serdeczn\u0105 i rodzinn\u0105 atmosfer\u0119,<\/li>\n\n\n\n<li>miejsce pobytu przystosowane do bezpiecznego i aktywnego sp\u0119dzania czasu, uwzgl\u0119dniaj\u0105c potrzeby i mo\u017cliwo\u015bci os\u00f3b niepe\u0142nosprawnych,<\/li>\n\n\n\n<li>stworzenie warunk\u00f3w do rozwoju i integracji mi\u0119dzy seniorami<\/li>\n\n\n\n<li>stworzenie warunk\u00f3w do dzia\u0142a\u0144 samopomocowych,&nbsp; wolontarystycznych,<\/li>\n\n\n\n<li>prowadzenie dzia\u0142a\u0144 na rzecz budowania wi\u0119zi mi\u0119dzypokoleniowych,<\/li>\n\n\n\n<li>dba\u0142o\u015b\u0107 o warunki do rozwoju samorz\u0105dno\u015bci uczestnik\u00f3w Klubu,<\/li>\n\n\n\n<li>organizacj\u0119 czasu wolnego,<\/li>\n\n\n\n<li>dzia\u0142alno\u015b\u0107 kulturalno \u2013 o\u015bwiatow\u0105 i edukacyjn\u0105,<\/li>\n\n\n\n<li>udzia\u0142 w imprezach okoliczno\u015bciowych, festynach rekreacyjno \u2013 sportowych, piknikach, wycieczkach,<\/li>\n\n\n\n<li>dost\u0119p do zimnych i ciep\u0142ych napoj\u00f3w, tj. wody, herbaty, kawy,<\/li>\n\n\n\n<li>drobne przek\u0105ski przygotowane w ramach treningu kulinarnego.<\/li>\n<\/ul>\n<\/div><\/div>\n\n\n\n<div class=\"wp-block-group alignfull has-base-2-color has-contrast-background-color has-text-color has-background has-link-color wp-elements-f166ffff5702089da382a3ff23c3e923\" style=\"margin-top:0;margin-bottom:0;padding-top:var(--wp--preset--spacing--50);padding-right:var(--wp--preset--spacing--50);padding-bottom:var(--wp--preset--spacing--50);padding-left:var(--wp--preset--spacing--50)\"><div class=\"wp-block-group__inner-container is-layout-constrained wp-container-core-group-is-layout-7a379edc wp-block-group-is-layout-constrained\">\n<h2 class=\"wp-block-heading\">Kontakt<\/h2>\n\n\n\n<p>Kierownik: Renata Wiatr-Ho\u0142ub, e-mail: r.wiatr-holub@cus.bedzino.pl<\/p>\n\n\n\n<p>Terapeuta zaj\u0119ciowy: Agnieszka Paczkowska-Rutyna<\/p>\n<\/div><\/div>\n\n\n\n<div class=\"wp-block-file\"><a id=\"wp-block-file--media-8cfdf4ea-2e34-4700-b37f-6db4007ce518\" href=\"https:\/\/cus.bedzino.pl\/wp-content\/uploads\/2026\/02\/KS-regulamin.pdf\">KS &#8211; regulamin<\/a><a href=\"https:\/\/cus.bedzino.pl\/wp-content\/uploads\/2026\/02\/KS-regulamin.pdf\" class=\"wp-block-file__button wp-element-button\" download aria-describedby=\"wp-block-file--media-8cfdf4ea-2e34-4700-b37f-6db4007ce518\">Pobierz<\/a><\/div>\n\n\n\n<div class=\"wp-block-file\"><a id=\"wp-block-file--media-44554503-f7a0-45ad-80e4-e4da23c0a80d\" href=\"https:\/\/cus.bedzino.pl\/wp-content\/uploads\/2026\/02\/KS-deklaracja.pdf\">KS &#8211; deklaracja<\/a><a href=\"https:\/\/cus.bedzino.pl\/wp-content\/uploads\/2026\/02\/KS-deklaracja.pdf\" class=\"wp-block-file__button wp-element-button\" download aria-describedby=\"wp-block-file--media-44554503-f7a0-45ad-80e4-e4da23c0a80d\">Pobierz<\/a><\/div>\n\n\n\n<p><\/p>\n","protected":false},"excerpt":{"rendered":"<p>Klub Senior + w M\u015bcicach ul. Po\u0142udniowa 11 (Dom Ludowy) 76-037 M\u015bcice Klub powsta\u0142 w ramach rz\u0105dowego Programu \u201eSenior+\u201d&nbsp; na lata 2021 \u2013 2025. Uczestnictwo w zaj\u0119ciach Klubu jest nieodp\u0142atne. Deklaracj\u0119 nale\u017cy sk\u0142ada\u0107 w Centrum Us\u0142ug Spo\u0142ecznych w B\u0119dzinie, B\u0119dzino&#8230; <a href=\"https:\/\/cus.bedzino.pl\/?page_id=324\" class=\"readmore\">Dowiedz si\u0119 wi\u0119cej<span class=\"screen-reader-text\">Klub Senior+ w M\u015bcicach<\/span><span class=\"fa fa-angle-double-right\" aria-hidden=\"true\"><\/span><\/a><\/p>\n","protected":false},"author":2,"featured_media":326,"parent":219,"menu_order":0,"comment_status":"closed","ping_status":"closed","template":"","meta":{"footnotes":""},"class_list":["post-324","page","type-page","status-publish","has-post-thumbnail","hentry"],"_links":{"self":[{"href":"https:\/\/cus.bedzino.pl\/index.php?rest_route=\/wp\/v2\/pages\/324","targetHints":{"allow":["GET"]}}],"collection":[{"href":"https:\/\/cus.bedzino.pl\/index.php?rest_route=\/wp\/v2\/pages"}],"about":[{"href":"https:\/\/cus.bedzino.pl\/index.php?rest_route=\/wp\/v2\/types\/page"}],"author":[{"embeddable":true,"href":"https:\/\/cus.bedzino.pl\/index.php?rest_route=\/wp\/v2\/users\/2"}],"replies":[{"embeddable":true,"href":"https:\/\/cus.bedzino.pl\/index.php?rest_route=%2Fwp%2Fv2%2Fcomments&post=324"}],"version-history":[{"count":9,"href":"https:\/\/cus.bedzino.pl\/index.php?rest_route=\/wp\/v2\/pages\/324\/revisions"}],"predecessor-version":[{"id":1377,"href":"https:\/\/cus.bedzino.pl\/index.php?rest_route=\/wp\/v2\/pages\/324\/revisions\/1377"}],"up":[{"embeddable":true,"href":"https:\/\/cus.bedzino.pl\/index.php?rest_route=\/wp\/v2\/pages\/219"}],"wp:featuredmedia":[{"embeddable":true,"href":"https:\/\/cus.bedzino.pl\/index.php?rest_route=\/wp\/v2\/media\/326"}],"wp:attachment":[{"href":"https:\/\/cus.bedzino.pl\/index.php?rest_route=%2Fwp%2Fv2%2Fmedia&parent=324"}],"curies":[{"name":"wp","href":"https:\/\/api.w.org\/{rel}","templated":true}]}}