{"id":198,"date":"2025-01-01T20:55:27","date_gmt":"2025-01-01T19:55:27","guid":{"rendered":"https:\/\/cus.bedzino.pl\/?page_id=198"},"modified":"2025-01-01T20:55:27","modified_gmt":"2025-01-01T19:55:27","slug":"zasilek-okresowy","status":"publish","type":"page","link":"https:\/\/cus.bedzino.pl\/?page_id=198","title":{"rendered":"Zasi\u0142ek okresowy"},"content":{"rendered":"\n<p><strong>Zasi\u0142ek okresowy<\/strong>&nbsp;przys\u0142uguje w szczeg\u00f3lno\u015bci ze wzgl\u0119du na d\u0142ugotrwa\u0142\u0105 chorob\u0119, niepe\u0142nosprawno\u015b\u0107, bezrobocie, mo\u017cliwo\u015b\u0107 utrzymania lub nabycia uprawnie\u0144 do \u015bwiadcze\u0144 z innych system\u00f3w zabezpieczenia spo\u0142ecznego:<\/p>\n\n\n\n<ol class=\"wp-block-list\">\n<li>osobie samotnie gospodaruj\u0105cej, kt\u00f3rej doch\u00f3d jest ni\u017cszy od kryterium dochodowego osoby samotnie gospodaruj\u0105cej;<\/li>\n\n\n\n<li>rodzinie, kt\u00f3rej doch\u00f3d jest ni\u017cszy od kryterium dochodowego rodziny.<\/li>\n<\/ol>\n\n\n\n<p>Zasi\u0142ek okresowy ustala si\u0119:<\/p>\n\n\n\n<ol class=\"wp-block-list\">\n<li>w przypadku osoby samotnie gospodaruj\u0105cej &#8211; do wysoko\u015bci r\u00f3\u017cnicy mi\u0119dzy kryterium dochodowym osoby samotnie gospodaruj\u0105cej a dochodem tej osoby, z tym \u017ce miesi\u0119czna kwota zasi\u0142ku nie mo\u017ce by\u0107 wy\u017csza ni\u017c kwota kryterium dochodowego na osob\u0119 w rodzinie;<\/li>\n\n\n\n<li>w przypadku rodziny &#8211; do wysoko\u015bci r\u00f3\u017cnicy mi\u0119dzy kryterium dochodowym rodziny a dochodem tej rodziny.<\/li>\n<\/ol>\n\n\n\n<p>Kwota zasi\u0142ku okresowego nie mo\u017ce by\u0107 ni\u017csza ni\u017c 50 % r\u00f3\u017cnicy mi\u0119dzy:<\/p>\n\n\n\n<ol class=\"wp-block-list\">\n<li>kryterium dochodowym osoby samotnie gospodaruj\u0105cej a dochodem tej osoby;<\/li>\n\n\n\n<li>kryterium dochodowym rodziny a dochodem tej rodziny.<\/li>\n<\/ol>\n\n\n\n<p>Kwota zasi\u0142ku okresowego nie mo\u017ce by\u0107 ni\u017csza ni\u017c 20 z\u0142 miesi\u0119cznie.<\/p>\n\n\n\n<p>W przypadku podj\u0119cia zatrudnienia przez osob\u0119 obj\u0119t\u0105 kontraktem socjalnym pobieraj\u0105c\u0105 zasi\u0142ek okresowy, mo\u017ce by\u0107 on wyp\u0142acany nadal niezale\u017cnie od dochodu, do dnia wynikaj\u0105cego z decyzji przyznaj\u0105cej zasi\u0142ek okresowy, nie d\u0142u\u017cej jednak ni\u017c do 2 miesi\u0119cy od dnia, w kt\u00f3rym osoba zosta\u0142a zatrudniona.&nbsp;<\/p>\n\n\n\n<p>Okres, na jaki jest przyznawany zasi\u0142ek okresowy, ustala o\u015brodek pomocy spo\u0142ecznej na podstawie okoliczno\u015bci sprawy.<\/p>\n\n\n\n<p>Rada gminy, w drodze uchwa\u0142y, mo\u017ce podwy\u017cszy\u0107 minimalne kwoty zasi\u0142ku okresowego.<\/p>\n\n\n\n<p><strong>Zasi\u0142ek okresowy na zasadach zwrotu<\/strong><\/p>\n\n\n\n<p>Zasi\u0142ek okresowy mo\u017ce by\u0107 przyznany w szczeg\u00f3lnie uzasadnionych przypadkach osobie albo rodzinie o dochodach przekraczaj\u0105cych kryterium dochodowe, ale pod warunkiem zwrotu cz\u0119\u015bci lub ca\u0142o\u015bci kwoty zasi\u0142ku.<\/p>\n","protected":false},"excerpt":{"rendered":"<p>Zasi\u0142ek okresowy&nbsp;przys\u0142uguje w szczeg\u00f3lno\u015bci ze wzgl\u0119du na d\u0142ugotrwa\u0142\u0105 chorob\u0119, niepe\u0142nosprawno\u015b\u0107, bezrobocie, mo\u017cliwo\u015b\u0107 utrzymania lub nabycia uprawnie\u0144 do \u015bwiadcze\u0144 z innych system\u00f3w zabezpieczenia spo\u0142ecznego: Zasi\u0142ek okresowy ustala si\u0119: Kwota zasi\u0142ku okresowego nie mo\u017ce by\u0107 ni\u017csza ni\u017c 50 % r\u00f3\u017cnicy mi\u0119dzy: Kwota&#8230; <a href=\"https:\/\/cus.bedzino.pl\/?page_id=198\" class=\"readmore\">Dowiedz si\u0119 wi\u0119cej<span class=\"screen-reader-text\">Zasi\u0142ek okresowy<\/span><span class=\"fa fa-angle-double-right\" aria-hidden=\"true\"><\/span><\/a><\/p>\n","protected":false},"author":2,"featured_media":0,"parent":50,"menu_order":0,"comment_status":"closed","ping_status":"closed","template":"","meta":{"footnotes":""},"class_list":["post-198","page","type-page","status-publish","hentry"],"_links":{"self":[{"href":"https:\/\/cus.bedzino.pl\/index.php?rest_route=\/wp\/v2\/pages\/198","targetHints":{"allow":["GET"]}}],"collection":[{"href":"https:\/\/cus.bedzino.pl\/index.php?rest_route=\/wp\/v2\/pages"}],"about":[{"href":"https:\/\/cus.bedzino.pl\/index.php?rest_route=\/wp\/v2\/types\/page"}],"author":[{"embeddable":true,"href":"https:\/\/cus.bedzino.pl\/index.php?rest_route=\/wp\/v2\/users\/2"}],"replies":[{"embeddable":true,"href":"https:\/\/cus.bedzino.pl\/index.php?rest_route=%2Fwp%2Fv2%2Fcomments&post=198"}],"version-history":[{"count":1,"href":"https:\/\/cus.bedzino.pl\/index.php?rest_route=\/wp\/v2\/pages\/198\/revisions"}],"predecessor-version":[{"id":200,"href":"https:\/\/cus.bedzino.pl\/index.php?rest_route=\/wp\/v2\/pages\/198\/revisions\/200"}],"up":[{"embeddable":true,"href":"https:\/\/cus.bedzino.pl\/index.php?rest_route=\/wp\/v2\/pages\/50"}],"wp:attachment":[{"href":"https:\/\/cus.bedzino.pl\/index.php?rest_route=%2Fwp%2Fv2%2Fmedia&parent=198"}],"curies":[{"name":"wp","href":"https:\/\/api.w.org\/{rel}","templated":true}]}}