{"id":112,"date":"2025-01-01T17:13:51","date_gmt":"2025-01-01T16:13:51","guid":{"rendered":"https:\/\/cus.bedzino.pl\/?page_id=112"},"modified":"2026-03-11T14:58:27","modified_gmt":"2026-03-11T13:58:27","slug":"kadra-centrum-uslug-spolecznych-w-bedzinie","status":"publish","type":"page","link":"https:\/\/cus.bedzino.pl\/?page_id=112","title":{"rendered":"Kadra Centrum Us\u0142ug Spo\u0142ecznych w B\u0119dzinie"},"content":{"rendered":"\n<p><strong><u>DYREKTOR<\/u><\/strong><br><strong>Robert Suszczak<\/strong><br>e-mail: dyrektor@cus.bedzino.pl, tel. kom.:&nbsp;<strong>573-954-389<\/strong><\/p>\n\n\n\n<hr class=\"wp-block-separator has-alpha-channel-opacity\"\/>\n\n\n\n<p><strong>DZIA\u0141 KSI\u0118GOWO &#8211; FINANSOWY<\/strong><br><strong>G\u0142\u00f3wna&nbsp;Ksi\u0119gowa&nbsp;<\/strong>\u2013&nbsp;<strong>Anna Kowalska<\/strong><br>e-mail: ksiegowosc@cus.bedzino.pl, tel. kom.:&nbsp;<strong>573-954-389<\/strong><\/p>\n\n\n\n<hr class=\"wp-block-separator has-alpha-channel-opacity\"\/>\n\n\n\n<p><strong>ORGANIZATOR POMOCY SPO\u0141ECZNEJ<\/strong><br><strong>Aleksandra Barut<\/strong><br>e-mail: a.barut@cus.bedzino.pl, tel. kom.: <strong>573-954-378<\/strong><br><br><strong>KOORDYNATOR INDYWIDUALNYCH PLAN\u00d3W US\u0141UG SPO\u0141ECZNYCH<\/strong><br><strong>Rafa\u0142 Turlej<\/strong><br>e-mail: r.turlej@cus.bedzino.pl, tel. kom.: <strong>573 954 374<\/strong> <\/p>\n\n\n\n<hr class=\"wp-block-separator has-alpha-channel-opacity\"\/>\n\n\n\n<p><strong>PRACA SOCJALNA<\/strong><\/p>\n\n\n\n<p><strong>Monika Graczyk<\/strong><br>e-mail: m.graczyk@cus.bedzino.pl, tel. kom.: <strong>694-462-598<\/strong><br><strong>rejon pracy socjalnej<\/strong>: Dobies\u0142awiec, Dobre, Dobre Ma\u0142e, \u0141ubniki, M\u015bcice, Mi\u0142ogoszcz, Podamirowo, Przybyradz, Skrzeszewo, Strze\u017cenice, Stois\u0142aw, \u015awiercz, Uliszki, Wici\u0105\u017ce<\/p>\n\n\n\n<p><strong>Joanna Cholewicz<\/strong><br>e-mail: j.cholewicz@cus.bedzino.pl, tel. kom.: <strong>694-462 595<\/strong><br><strong>rejon pracy socjalnej<\/strong>: Dobrzyca, M\u0105czno, Pakos\u0142aw, Podb\u00f3rz, Popowo, Strachomino, Strzepowo, Smolne, Wierzchomino. Wierzchominko, Zi\u0119brze<\/p>\n\n\n\n<p><strong>Klaudia \u017berdzi\u0144ska<\/strong><br>e-mail: k.zerdzinska@cus.bedzino.pl, tel. kom.: <strong>694-462-597<\/strong><br><strong>rejon pracy socjalnej<\/strong>: B\u0119dzino, B\u0119dzinko, Borkowice, Dworek, Kazimierz Pomorski, \u0141ekno, DPS, Prace spo\u0142eczno &#8211; u\u017cyteczne, bezdomni<\/p>\n\n\n\n<p><strong>Dorota Sosna<\/strong><br>email: d.sosna@cus.bedzino.pl, tel. kom.: <strong>694-462-594<\/strong><br><strong>rejon pracy socjalnej<\/strong>: Barnin, Barninek, Kiszkowo, K\u0142adno, \u0141asin Koszali\u0144ski, \u0141opienica, Ple\u015bna, S\u0142owienkowo, \u015amiech\u00f3w, Tymie\u0144, Zagaje<\/p>\n\n\n\n<hr class=\"wp-block-separator has-alpha-channel-opacity\"\/>\n\n\n\n<p><strong>STANOWISKO DS. KADR I P\u0141AC<\/strong><br><strong>Mariola Stolarczyk<\/strong><br>e-mail: kadry@cus.bedzino.pl, tel. kom.: <strong>573-954-389<\/strong><\/p>\n\n\n\n<p><strong>ASYSTENT RODZINY<\/strong><br><strong>Natalia Obuchowicz &#8211; Markowska<\/strong><br>e-mail: n.obuchowicz-markowska@cus.bedzino.pl, tel. kom.: <strong>784-974 916<\/strong><\/p>\n\n\n\n<p><strong>\u015aWIADCZENIA RODZINNE, US\u0141UGI OPIEKU\u0143CZE<\/strong><br><strong>Ewelina Bondarowicz<\/strong><br>e-mail: e.bondarowicz@cus.bedzino.pl, tel. kom.: <strong>789-172-139<\/strong><\/p>\n\n\n\n<p><strong>\u015aWIADCZENIE WYCHOWAWCZE, DODATKI MIESZKANIOWE, KARTA DU\u017bEJ RODZINY, KARTA SENIORA, STYPENDIA, FUNDUSZ ALIMENTACYJNY<br>Marzena Smorga<\/strong><br>e-mail: m.smorga@cus.bedzino.pl, tel. kom.: <strong>573-954-376<\/strong><\/p>\n\n\n\n<p><strong>INSPEKTOR<\/strong><br><strong>Katarzyna Kowalska<\/strong><br>e-mail: k.kowalska@cus.bedzino.pl, tel. kom.: <strong>573-954-376<\/strong><\/p>\n\n\n\n<p><strong>ORGANIZATOR SPO\u0141ECZNO\u015aCI LOKALNEJ<br>Anna Sawicka<\/strong><br>e-mail: a.sawicka@cus.bedzino.pl, tel. kom.: <strong>608-237-677<\/strong><\/p>\n\n\n\n<hr class=\"wp-block-separator has-alpha-channel-opacity\"\/>\n\n\n\n<p><strong>US\u0141UGI OPIEKU\u0143CZE<\/strong><br>Renata Bia\u0142ecka<br>Barbara Ga\u0142a<br>Monika Pa\u0144czyszyn<br><\/p>\n\n\n\n<hr class=\"wp-block-separator has-alpha-channel-opacity\"\/>\n\n\n\n<p><strong>DZIENNY DOM SENIOR+<\/strong><br><strong>Kierownik<\/strong>   <br>Justyna Lasota-Wasicka, e-mail: j.lasota@cus.bedzino.pl<br><strong>Instruktor terapii zaj\u0119ciowej<\/strong> <br>Magdalena Lemiecha<\/p>\n\n\n\n<hr class=\"wp-block-separator has-alpha-channel-opacity\"\/>\n\n\n\n<p><strong>KLUB SENIOR+<\/strong> <strong>W M\u015aCICACH<\/strong><br><strong>Kierownik<\/strong><br>Renata Wiatr-Ho\u0142ub<br>e-mail: r.wiatr-holub@cus.bedzino.pl <br><strong>Terapeuta zaj\u0119ciowy<\/strong><br>Agnieszka Paczkowska-Rutyna<\/p>\n\n\n\n<hr class=\"wp-block-separator has-alpha-channel-opacity\"\/>\n\n\n\n<p><strong>PLAC\u00d3WKA WSPARCIA DZIENNEGO W TYMIENIU<\/strong><br><strong>Kierownik<\/strong><br>Marta Jagusz-Sk\u00f3ra<br>e-mail: m.jagusz-skora@cus.bedzino.pl<br><strong>Wychowawca<\/strong><br>El\u017cbieta Tatarynowicz &#8211; D\u0142utek<\/p>\n\n\n\n<p><\/p>\n","protected":false},"excerpt":{"rendered":"<p>DYREKTORRobert Suszczake-mail: dyrektor@cus.bedzino.pl, tel. kom.:&nbsp;573-954-389 DZIA\u0141 KSI\u0118GOWO &#8211; FINANSOWYG\u0142\u00f3wna&nbsp;Ksi\u0119gowa&nbsp;\u2013&nbsp;Anna Kowalskae-mail: ksiegowosc@cus.bedzino.pl, tel. kom.:&nbsp;573-954-389 ORGANIZATOR POMOCY SPO\u0141ECZNEJAleksandra Barute-mail: a.barut@cus.bedzino.pl, tel. kom.: 573-954-378 KOORDYNATOR INDYWIDUALNYCH PLAN\u00d3W US\u0141UG SPO\u0141ECZNYCHRafa\u0142 Turleje-mail: r.turlej@cus.bedzino.pl, tel. kom.: 573 954 374 PRACA SOCJALNA Monika Graczyke-mail: m.graczyk@cus.bedzino.pl, tel. kom.:&#8230; <a href=\"https:\/\/cus.bedzino.pl\/?page_id=112\" class=\"readmore\">Dowiedz si\u0119 wi\u0119cej<span class=\"screen-reader-text\">Kadra Centrum Us\u0142ug Spo\u0142ecznych w B\u0119dzinie<\/span><span class=\"fa fa-angle-double-right\" aria-hidden=\"true\"><\/span><\/a><\/p>\n","protected":false},"author":2,"featured_media":0,"parent":0,"menu_order":0,"comment_status":"closed","ping_status":"closed","template":"","meta":{"footnotes":""},"class_list":["post-112","page","type-page","status-publish","hentry"],"_links":{"self":[{"href":"https:\/\/cus.bedzino.pl\/index.php?rest_route=\/wp\/v2\/pages\/112","targetHints":{"allow":["GET"]}}],"collection":[{"href":"https:\/\/cus.bedzino.pl\/index.php?rest_route=\/wp\/v2\/pages"}],"about":[{"href":"https:\/\/cus.bedzino.pl\/index.php?rest_route=\/wp\/v2\/types\/page"}],"author":[{"embeddable":true,"href":"https:\/\/cus.bedzino.pl\/index.php?rest_route=\/wp\/v2\/users\/2"}],"replies":[{"embeddable":true,"href":"https:\/\/cus.bedzino.pl\/index.php?rest_route=%2Fwp%2Fv2%2Fcomments&post=112"}],"version-history":[{"count":21,"href":"https:\/\/cus.bedzino.pl\/index.php?rest_route=\/wp\/v2\/pages\/112\/revisions"}],"predecessor-version":[{"id":1531,"href":"https:\/\/cus.bedzino.pl\/index.php?rest_route=\/wp\/v2\/pages\/112\/revisions\/1531"}],"wp:attachment":[{"href":"https:\/\/cus.bedzino.pl\/index.php?rest_route=%2Fwp%2Fv2%2Fmedia&parent=112"}],"curies":[{"name":"wp","href":"https:\/\/api.w.org\/{rel}","templated":true}]}}